{"version":"1.0","provider_name":"Key Site","provider_url":"https:\/\/keysite.cafeblog.hu","author_name":"Klaudia Moln\u00e1r","author_url":"https:\/\/keysite.cafeblog.hu\/author\/klaudia0518\/","title":"J\u00e1rt utat...","html":"<p style=\"text-align: justify\"><img class=\"imgleft picomat alignleft\" alt=\"valtozas.jpg\" src=\"https:\/\/keysite.cafeblog.hu\/files\/2013\/01\/valtozas.jpg\" width=\"270\" height=\"258\" \/>\u201eJ\u00e1rt utat a j\u00e1ratlan\u00e9rt el ne hagyj!\u201d \u2013 tartja a r\u00e9gi j\u00f3 k\u00f6zmond\u00e1s, mely minden nyelvben megtal\u00e1lhat\u00f3 valamilyen form\u00e1ban. Az emberis\u00e9g legnagyobb szerencs\u00e9j\u00e9re az\u00e9rt nem mindenki k\u00f6veti ezt a j\u00f3 tan\u00e1csot.<\/p>\r\n<p style=\"text-align: justify\"><\/p>\r\n<p style=\"text-align: justify\">Hisz k\u00fcl\u00f6nben m\u00e9g mindig sz\u00e1mr\u00f3l csorg\u00f3 v\u00e9rrel t\u00e9pn\u00e9k egy cafatot a nyers h\u00fasb\u00f3l \u00e9s nem induln\u00e9k hosszabb \u00fatra att\u00f3l tartva, hogy a f\u00f6ld esetleges v\u00e9g\u00e9hez \u00e9rve le tal\u00e1lok zuhanni. Mindenesetre biztosan nem itthon \u00fclve \u00edrn\u00e9k az \u00e9letr\u0151l.<\/p>\r\n<p style=\"text-align: justify\"><\/p>\r\n<p style=\"text-align: justify\">Sz\u00e1momra ez a mond\u00e1s minden, ami a v\u00e1ltoz\u00e1s ellen hat, minden, ami az emberis\u00e9g l\u00e9nyege ellen val\u00f3. Gener\u00e1ci\u00f3r\u00f3l gener\u00e1ci\u00f3ra adjuk \u00e1t, a v\u00e1ltoz\u00e1ssal szembeni ellen\u00e1ll\u00e1st. Az pedig, amit ennyi ember tilt, f\u00e9lelmet kelt. M\u00e1rpedig mi emberek, nem szeret\u00fcnk f\u00e9lni. Pedig, att\u00f3l, hogy valami m\u00e1s, m\u00e9g nem kellene automatikusan az \u00f6rd\u00f6gt\u0151l val\u00f3 kateg\u00f3ri\u00e1ba helyezn\u00fcnk.<\/p>\r\n<p style=\"text-align: justify\">A kitaposott \u00f6sv\u00e9nyt \u00e9s a j\u00e1ratlan utat egyetlen dolog k\u00fcl\u00f6nb\u00f6zteti meg egym\u00e1st\u00f3l \u00e9s ez nem az, hogy az egyik helyes, a m\u00e1sik pedig helytelen.<\/p>\r\n<p style=\"text-align: justify\"><\/p>\r\n<p style=\"text-align: justify\">Puszt\u00e1n csak az er\u0151fesz\u00edt\u00e9s. Az egyik nem jobb, mint a m\u00e1sik. Egyszer\u0171en csak k\u00f6nnyebb. Pedig az \u00fat k\u00f6zben tett er\u0151fesz\u00edt\u00e9seink azok, amik meg\u00e9des\u00edtik az utaz\u00e1st. Amennyiben a c\u00e9l a boldogs\u00e1g egy\u00e1ltal\u00e1n nem is kell, hogy mindannyian egy \u00faton haladjunk, m\u00e1r csak az\u00e9rt sem, mert mindenkit m\u00e1s tesz boldogg\u00e1. Mi magunk, pedig az\u00e1ltal mutatkozunk meg, hogy er\u0151fesz\u00edt\u00e9seinket mennyire k\u00eds\u00e9rik sikerek, vagy kudarcok. \u00cdgy ha folyton a kitaposott \u00faton haladunk, val\u00f3j\u00e1ban semmit nem tudunk meg magunkr\u00f3l. Az \u00fat, csak arr\u00f3l az emberr\u0151l mes\u00e9l, aki el\u0151sz\u00f6r v\u00e9gigj\u00e1rta azt.<\/p>\r\n<p style=\"text-align: justify\"><\/p>\r\n<p style=\"text-align: justify\">Ez persze egy\u00e1ltal\u00e1n nem jelenti azt, hogy nem haladhatunk id\u0151nk\u00e9nt ugyanazon az \u00faton egy ir\u00e1nyba, egy\u00fctt k\u00fczdve az akad\u00e1lyok, de sokszor ink\u00e1bb egym\u00e1s, vagy saj\u00e1t magunk ellen. Viszont nem szabad elfelejten\u00fcnk, hogy megesik, hogy b\u00e1r a c\u00e9l nem v\u00e1ltozik, \u00faj \u00fatra kell l\u00e9pn\u00fcnk. Ez \u00f6nmag\u00e1ban m\u00e9g se nem j\u00f3, se nem rossz. M\u00e9g k\u00f6nnyebb is lehet, amennyiben olyan energi\u00e1t em\u00e9sztett fel az egym\u00e1s elleni harcunk, a verseng\u00e9s, amit a k\u00f6z\u00f6s utunk \u00e9p\u00edt\u00e9s\u00e9re is ford\u00edthattunk volna. Lehet nehezebb, ha folyv\u00e1st h\u00e1tra tekinget\u00fcnk, \u00e9s magunk ellen kezd\u00fcnk harcolni, mik\u00f6zben az utat teljesen elnyeli a boz\u00f3t \u00e9s t\u00f6bb\u00e9 m\u00e1r nem l\u00e1tszik a c\u00e9l. De ezt m\u00e1r mi t\u00f6ltj\u00fck meg jelent\u00e9ssel az \u00e1ltal, hogy a v\u00e1ltoz\u00e1sra koncentr\u00e1lunk, vagy puszt\u00e1n \u00f6nmagunkra. Arra, hogy mi lehetett volna ha.<\/p>\r\n<p style=\"text-align: justify\"><\/p>\r\n<p style=\"text-align: justify\">Persze mindannyian f\u00e9l\u00fcnk az ismeretlent\u0151l, mert bizonytalan. Mert nem tudjuk mi les r\u00e1nk, a k\u00f6vetkez\u0151 boz\u00f3tb\u00f3l, ahogyan azt sem, hogy egyre s\u0171r\u0171s\u00f6dnek az ind\u00e1k, vagy puszt\u00e1n csak gyorsabban haladunk \u00e9s fogy az er\u0151nk. Nem mintha nagyon lenne v\u00e1laszt\u00e1si lehet\u0151s\u00e9g. Az utadon \u00edgy is, \u00fagy is egyed\u00fcl maradsz n\u00e9ha, a harcodat \u00edgy is, \u00fagy is meg kell v\u00edvnod n\u00e9ha, ha \u00fagy d\u00f6ntesz, hogy meg\u00e1llsz, akkor is. Ilyenkor is harcolsz, puszt\u00e1n annyi v\u00e1ltozik, hogy nem haladsz. De harcolsz. Harcolsz a v\u00e1ltoz\u00e1s ellen.<\/p>\r\n<p style=\"text-align: justify\">A v\u00e1ltoz\u00e1s csak van. \u00d6nmag\u00e1ban semmi, am\u00edg a saj\u00e1t \u00e9rz\u00e9seinket nem kapcsoljuk hozz\u00e1. Egy fa is, \u00f6nmag\u00e1ban csak van. De azt ne feledd, hogy nem sz\u00e1m\u00edt t\u00fcsk\u00e9sek-e az \u00e1gai, vagy vir\u00e1gosak, \u00e1rny\u00e9kot mindkett\u0151 adhat, ha j\u00f3 ir\u00e1nyb\u00f3l k\u00f6zel\u00edtesz fel\u00e9.<\/p>","type":"rich"}